{"id":14,"date":"2022-05-02T16:01:08","date_gmt":"2022-05-02T14:01:08","guid":{"rendered":"http:\/\/dominguez-avocat.com\/?page_id=14"},"modified":"2026-03-25T18:34:52","modified_gmt":"2026-03-25T17:34:52","slug":"avocat-a-la-cour","status":"publish","type":"page","link":"https:\/\/dominguez-avocat.com\/en\/","title":{"rendered":"The Firm"},"content":{"rendered":"<div data-elementor-type=\"wp-page\" data-elementor-id=\"14\" class=\"elementor elementor-14\" data-elementor-post-type=\"page\">\n\t\t\t\t\t\t<section class=\"elementor-section elementor-top-section elementor-element elementor-element-cec8bac elementor-section-full_width elementor-section-height-default elementor-section-height-default elementor-invisible\" data-id=\"cec8bac\" data-element_type=\"section\" data-e-type=\"section\" data-settings=\"{&quot;background_background&quot;:&quot;classic&quot;,&quot;animation&quot;:&quot;fadeIn&quot;}\">\n\t\t\t\t\t\t\t<div class=\"elementor-background-overlay\"><\/div>\n\t\t\t\t\t\t\t<div class=\"elementor-container elementor-column-gap-default\">\n\t\t\t\t\t<div class=\"elementor-column elementor-col-100 elementor-top-column elementor-element elementor-element-47792331\" data-id=\"47792331\" data-element_type=\"column\" data-e-type=\"column\">\n\t\t\t<div class=\"elementor-widget-wrap elementor-element-populated\">\n\t\t\t\t\t\t<div class=\"elementor-element elementor-element-71a1c366 elementor-headline--style-rotate animated-slow elementor-invisible elementor-widget elementor-widget-animated-headline\" data-id=\"71a1c366\" data-element_type=\"widget\" data-e-type=\"widget\" data-settings=\"{&quot;headline_style&quot;:&quot;rotate&quot;,&quot;animation_type&quot;:&quot;slide&quot;,&quot;rotating_text&quot;:&quot;Pragmatisme\\nDisponibilit\\u00e9\\nR\\u00e9activit\\u00e9\\nEfficacit\\u00e9&quot;,&quot;_animation&quot;:&quot;fadeIn&quot;,&quot;rotate_iteration_delay&quot;:2500}\" data-widget_type=\"animated-headline.default\">\n\t\t\t\t<div class=\"elementor-widget-container\">\n\t\t\t\t\t\t\t<h3 class=\"elementor-headline elementor-headline-animation-type-slide\">\n\t\t\t\t<span class=\"elementor-headline-dynamic-wrapper elementor-headline-text-wrapper\">\n\t\t\t\t\t<span class=\"elementor-headline-dynamic-text elementor-headline-text-active\">\n\t\t\t\tPragmatism\t\t\t<\/span>\n\t\t\t\t\t<span class=\"elementor-headline-dynamic-text\">\n\t\t\t\tAvailability\t\t\t<\/span>\n\t\t\t\t\t<span class=\"elementor-headline-dynamic-text\">\n\t\t\t\tResponsiveness\t\t\t<\/span>\n\t\t\t\t\t<span class=\"elementor-headline-dynamic-text\">\n\t\t\t\tEfficiency\t\t\t<\/span>\n\t\t\t\t\t\t<\/span>\n\t\t\t\t<\/h3>\n\t\t\t\t\t\t<\/div>\n\t\t\t\t<\/div>\n\t\t\t\t<div class=\"elementor-element elementor-element-977637b animated-slow elementor-invisible elementor-widget elementor-widget-text-editor\" data-id=\"977637b\" data-element_type=\"widget\" data-e-type=\"widget\" data-settings=\"{&quot;_animation&quot;:&quot;fadeIn&quot;}\" data-widget_type=\"text-editor.default\">\n\t\t\t\t<div class=\"elementor-widget-container\">\n\t\t\t\t\t\t\t\t\t<p style=\"font-weight: 400;\">Avocat \u00e0 la Cour, S\u00e9bastien Dominguez has been a member of the Paris Bar since 2002.<\/p><p style=\"font-weight: 400;\">S\u00e9bastien\u2019s practice focuses on competition law, commercial law and contract law.<\/p>\t\t\t\t\t\t\t\t<\/div>\n\t\t\t\t<\/div>\n\t\t\t\t\t<\/div>\n\t\t<\/div>\n\t\t\t\t\t<\/div>\n\t\t<\/section>\n\t\t\t\t<section class=\"elementor-section elementor-top-section elementor-element elementor-element-57844dfd elementor-section-content-middle elementor-reverse-tablet elementor-reverse-mobile elementor-section-boxed elementor-section-height-default elementor-section-height-default\" data-id=\"57844dfd\" data-element_type=\"section\" data-e-type=\"section\" data-settings=\"{&quot;background_background&quot;:&quot;classic&quot;}\">\n\t\t\t\t\t\t<div class=\"elementor-container elementor-column-gap-default\">\n\t\t\t\t\t<div class=\"elementor-column elementor-col-50 elementor-top-column elementor-element elementor-element-1f50e0f6\" data-id=\"1f50e0f6\" data-element_type=\"column\" data-e-type=\"column\">\n\t\t\t<div class=\"elementor-widget-wrap elementor-element-populated\">\n\t\t\t\t\t\t<div class=\"elementor-element elementor-element-4949b329 elementor-invisible elementor-widget elementor-widget-heading\" data-id=\"4949b329\" data-element_type=\"widget\" data-e-type=\"widget\" data-settings=\"{&quot;_animation&quot;:&quot;fadeIn&quot;}\" data-widget_type=\"heading.default\">\n\t\t\t\t<div class=\"elementor-widget-container\">\n\t\t\t\t\t<h2 class=\"elementor-heading-title elementor-size-default\">S\u00e9bastien Dominguez<\/h2>\t\t\t\t<\/div>\n\t\t\t\t<\/div>\n\t\t\t\t<div class=\"elementor-element elementor-element-52b44350 elementor-invisible elementor-widget elementor-widget-text-editor\" data-id=\"52b44350\" data-element_type=\"widget\" data-e-type=\"widget\" data-settings=\"{&quot;_animation&quot;:&quot;slideInUp&quot;}\" data-widget_type=\"text-editor.default\">\n\t\t\t\t<div class=\"elementor-widget-container\">\n\t\t\t\t\t\t\t\t\t<p style=\"font-weight: 400;\">Before setting up his own firm in 2022, S\u00e9bastien Dominguez worked for twenty years as a lawyer in the competition law teams of renowned Anglo-Saxon and French law firms, in particular Linklaters, Freshfields Bruckhaus Deringer and Ayache.<\/p><p style=\"font-weight: 400;\">S\u00e9bastien Dominguez advises French and international companies in various sectors (international trade, import\/export, distribution of goods and\/or services), as well as professional associations (unions, federations) on their strategic issues.\u00a0<\/p><p style=\"font-weight: 400;\"><span style=\"color: var( --e-global-color-accent );\">S\u00e9bastien\u2019s activity covers many economic sectors, including industrial goods and products, services, transport, <\/span>etc<span style=\"color: var( --e-global-color-accent );\">.<\/span><\/p><p>S\u00e9bastien works in French and English. S\u00e9bastien is also fluent in Spanish.<\/p><p>S\u00e9bastien Dominguez is a member of the French Association of Competition Law Attorneys (Association des Avocats Pratiquant le Droit de la Concurrence, APDC)<\/p>\t\t\t\t\t\t\t\t<\/div>\n\t\t\t\t<\/div>\n\t\t\t\t\t<\/div>\n\t\t<\/div>\n\t\t\t\t<div class=\"elementor-column elementor-col-50 elementor-top-column elementor-element elementor-element-17fbf1f5\" data-id=\"17fbf1f5\" data-element_type=\"column\" data-e-type=\"column\" data-settings=\"{&quot;background_background&quot;:&quot;classic&quot;}\">\n\t\t\t<div class=\"elementor-widget-wrap elementor-element-populated\">\n\t\t\t\t\t\t<div class=\"elementor-element elementor-element-163951 elementor-widget elementor-widget-spacer\" data-id=\"163951\" data-element_type=\"widget\" data-e-type=\"widget\" data-widget_type=\"spacer.default\">\n\t\t\t\t<div class=\"elementor-widget-container\">\n\t\t\t\t\t\t\t<div class=\"elementor-spacer\">\n\t\t\t<div class=\"elementor-spacer-inner\"><\/div>\n\t\t<\/div>\n\t\t\t\t\t\t<\/div>\n\t\t\t\t<\/div>\n\t\t\t\t\t<\/div>\n\t\t<\/div>\n\t\t\t\t\t<\/div>\n\t\t<\/section>\n\t\t\t\t<section class=\"elementor-section elementor-top-section elementor-element elementor-element-3e89a9f5 elementor-section-boxed elementor-section-height-default elementor-section-height-default\" data-id=\"3e89a9f5\" data-element_type=\"section\" data-e-type=\"section\">\n\t\t\t\t\t\t<div class=\"elementor-container elementor-column-gap-default\">\n\t\t\t\t\t<div class=\"elementor-column elementor-col-100 elementor-top-column elementor-element elementor-element-3df3f8e8\" data-id=\"3df3f8e8\" data-element_type=\"column\" data-e-type=\"column\">\n\t\t\t<div class=\"elementor-widget-wrap elementor-element-populated\">\n\t\t\t\t\t\t<div class=\"elementor-element elementor-element-2ce4cedc elementor-invisible elementor-widget elementor-widget-heading\" data-id=\"2ce4cedc\" data-element_type=\"widget\" data-e-type=\"widget\" data-settings=\"{&quot;_animation&quot;:&quot;fadeIn&quot;}\" data-widget_type=\"heading.default\">\n\t\t\t\t<div class=\"elementor-widget-container\">\n\t\t\t\t\t<h2 class=\"elementor-heading-title elementor-size-default\">Rankings and Awards<\/h2>\t\t\t\t<\/div>\n\t\t\t\t<\/div>\n\t\t\t\t\t<\/div>\n\t\t<\/div>\n\t\t\t\t\t<\/div>\n\t\t<\/section>\n\t\t\t\t<section class=\"elementor-section elementor-top-section elementor-element elementor-element-717885a4 elementor-section-boxed elementor-section-height-default elementor-section-height-default\" data-id=\"717885a4\" data-element_type=\"section\" data-e-type=\"section\">\n\t\t\t\t\t\t<div class=\"elementor-container elementor-column-gap-default\">\n\t\t\t\t\t<div class=\"elementor-column elementor-col-100 elementor-top-column elementor-element elementor-element-446c0c2f\" data-id=\"446c0c2f\" data-element_type=\"column\" data-e-type=\"column\">\n\t\t\t<div class=\"elementor-widget-wrap elementor-element-populated\">\n\t\t\t\t\t\t<div class=\"elementor-element elementor-element-3785d240 elementor-widget elementor-widget-heading\" data-id=\"3785d240\" data-element_type=\"widget\" data-e-type=\"widget\" data-widget_type=\"heading.default\">\n\t\t\t\t<div class=\"elementor-widget-container\">\n\t\t\t\t\t<h2 class=\"elementor-heading-title elementor-size-default\">Chambers and Partners<\/h2>\t\t\t\t<\/div>\n\t\t\t\t<\/div>\n\t\t\t\t<div class=\"elementor-element elementor-element-52b06749 elementor-widget elementor-widget-text-editor\" data-id=\"52b06749\" data-element_type=\"widget\" data-e-type=\"widget\" data-widget_type=\"text-editor.default\">\n\t\t\t\t<div class=\"elementor-widget-container\">\n\t\t\t\t\t\t\t\t\t<p style=\"font-weight: 400;\">S\u00e9bastien has been ranked in \u201cCompetition\/European Law\u201d by Chambers and Partners Europe for several years.<\/p>\t\t\t\t\t\t\t\t<\/div>\n\t\t\t\t<\/div>\n\t\t\t\t<div class=\"elementor-element elementor-element-13425a63 elementor-position-left elementor-vertical-align-middle animated-slow elementor-position-top elementor-invisible elementor-widget elementor-widget-image-box\" data-id=\"13425a63\" data-element_type=\"widget\" data-e-type=\"widget\" data-settings=\"{&quot;_animation&quot;:&quot;pulse&quot;}\" data-widget_type=\"image-box.default\">\n\t\t\t\t<div class=\"elementor-widget-container\">\n\t\t\t\t\t<div class=\"elementor-image-box-wrapper\"><figure class=\"elementor-image-box-img\"><a href=\"https:\/\/chambers.com\/lawyer\/sebastien-dominguez-france-121:648753\" target=\"_blank\" tabindex=\"-1\"><img fetchpriority=\"high\" decoding=\"async\" width=\"1072\" height=\"900\" src=\"https:\/\/dominguez-avocat.com\/wp-content\/uploads\/2026\/02\/SD-Chambers-2026.jpg\" class=\"attachment-full size-full wp-image-570\" alt=\"\" srcset=\"https:\/\/dominguez-avocat.com\/wp-content\/uploads\/2026\/02\/SD-Chambers-2026.jpg 1072w, https:\/\/dominguez-avocat.com\/wp-content\/uploads\/2026\/02\/SD-Chambers-2026-300x252.jpg 300w, https:\/\/dominguez-avocat.com\/wp-content\/uploads\/2026\/02\/SD-Chambers-2026-1024x860.jpg 1024w, https:\/\/dominguez-avocat.com\/wp-content\/uploads\/2026\/02\/SD-Chambers-2026-768x645.jpg 768w, https:\/\/dominguez-avocat.com\/wp-content\/uploads\/2026\/02\/SD-Chambers-2026-14x12.jpg 14w\" sizes=\"(max-width: 1072px) 100vw, 1072px\" \/><\/a><\/figure><div class=\"elementor-image-box-content\"><p class=\"elementor-image-box-description\"><i>\u201cHe is very agile, involved and available.\u201d<\/i>\n<br><br>\n<i>\u201cS\u00e9bastien Dominguez is a lawyer gifted with extraordinary energy, great analytical finesse and a great strategic sense.\u201d<\/i>\n<br><br>\n<i>\u201cI truly appreciate his intellect, flexibility and knowledge of the market. He anticipates everything, nothing escapes him.\u201d<\/i><\/p><\/div><\/div>\t\t\t\t<\/div>\n\t\t\t\t<\/div>\n\t\t\t\t\t<\/div>\n\t\t<\/div>\n\t\t\t\t\t<\/div>\n\t\t<\/section>\n\t\t\t\t<section class=\"elementor-section elementor-top-section elementor-element elementor-element-2566cc3 elementor-section-boxed elementor-section-height-default elementor-section-height-default\" data-id=\"2566cc3\" data-element_type=\"section\" data-e-type=\"section\">\n\t\t\t\t\t\t<div class=\"elementor-container elementor-column-gap-default\">\n\t\t\t\t\t<div class=\"elementor-column elementor-col-100 elementor-top-column elementor-element elementor-element-409cb26d\" data-id=\"409cb26d\" data-element_type=\"column\" data-e-type=\"column\">\n\t\t\t<div class=\"elementor-widget-wrap elementor-element-populated\">\n\t\t\t\t\t\t<div class=\"elementor-element elementor-element-2194c13c elementor-widget elementor-widget-heading\" data-id=\"2194c13c\" data-element_type=\"widget\" data-e-type=\"widget\" data-widget_type=\"heading.default\">\n\t\t\t\t<div class=\"elementor-widget-container\">\n\t\t\t\t\t<h2 class=\"elementor-heading-title elementor-size-default\">D\u00e9cideurs Magazine \u2013 Leaders League <\/h2>\t\t\t\t<\/div>\n\t\t\t\t<\/div>\n\t\t\t\t<div class=\"elementor-element elementor-element-55fe9cfb elementor-position-left elementor-vertical-align-middle animated-slow elementor-position-top elementor-invisible elementor-widget elementor-widget-image-box\" data-id=\"55fe9cfb\" data-element_type=\"widget\" data-e-type=\"widget\" data-settings=\"{&quot;_animation&quot;:&quot;pulse&quot;}\" data-widget_type=\"image-box.default\">\n\t\t\t\t<div class=\"elementor-widget-container\">\n\t\t\t\t\t<div class=\"elementor-image-box-wrapper\"><figure class=\"elementor-image-box-img\"><a href=\"https:\/\/www.leadersleague.com\/fr\/peoples\/sebastien-dominguez-1\" target=\"_blank\" tabindex=\"-1\"><img decoding=\"async\" width=\"468\" height=\"110\" src=\"https:\/\/dominguez-avocat.com\/wp-content\/uploads\/2023\/03\/image001.png\" class=\"attachment-full size-full wp-image-517\" alt=\"\" srcset=\"https:\/\/dominguez-avocat.com\/wp-content\/uploads\/2023\/03\/image001.png 468w, https:\/\/dominguez-avocat.com\/wp-content\/uploads\/2023\/03\/image001-300x71.png 300w, https:\/\/dominguez-avocat.com\/wp-content\/uploads\/2023\/03\/image001-18x4.png 18w\" sizes=\"(max-width: 468px) 100vw, 468px\" \/><\/a><\/figure><div class=\"elementor-image-box-content\"><p class=\"elementor-image-box-description\">S\u00e9bastien Dominguez is ranked as \u201chighly recommended\u201d by D\u00e9cideurs Magazine - Leaders League in Antitrust, Merger Control, Distribution Law and Follow-on.<\/p><\/div><\/div>\t\t\t\t<\/div>\n\t\t\t\t<\/div>\n\t\t\t\t\t<\/div>\n\t\t<\/div>\n\t\t\t\t\t<\/div>\n\t\t<\/section>\n\t\t\t\t<section class=\"elementor-section elementor-top-section elementor-element elementor-element-9b4e33d elementor-section-boxed elementor-section-height-default elementor-section-height-default\" data-id=\"9b4e33d\" data-element_type=\"section\" data-e-type=\"section\">\n\t\t\t\t\t\t<div class=\"elementor-container elementor-column-gap-default\">\n\t\t\t\t\t<div class=\"elementor-column elementor-col-100 elementor-top-column elementor-element elementor-element-3ab88f3b\" data-id=\"3ab88f3b\" data-element_type=\"column\" data-e-type=\"column\">\n\t\t\t<div class=\"elementor-widget-wrap elementor-element-populated\">\n\t\t\t\t\t\t<div class=\"elementor-element elementor-element-78004356 elementor-widget elementor-widget-heading\" data-id=\"78004356\" data-element_type=\"widget\" data-e-type=\"widget\" data-widget_type=\"heading.default\">\n\t\t\t\t<div class=\"elementor-widget-container\">\n\t\t\t\t\t<h2 class=\"elementor-heading-title elementor-size-default\">Best Lawyers<\/h2>\t\t\t\t<\/div>\n\t\t\t\t<\/div>\n\t\t\t\t<div class=\"elementor-element elementor-element-16e42f46 elementor-position-left elementor-vertical-align-middle animated-slow elementor-position-top elementor-invisible elementor-widget elementor-widget-image-box\" data-id=\"16e42f46\" data-element_type=\"widget\" data-e-type=\"widget\" data-settings=\"{&quot;_animation&quot;:&quot;pulse&quot;}\" data-widget_type=\"image-box.default\">\n\t\t\t\t<div class=\"elementor-widget-container\">\n\t\t\t\t\t<div class=\"elementor-image-box-wrapper\"><figure class=\"elementor-image-box-img\"><a href=\"https:\/\/www.bestlawfirms.com\/firms\/sebastien-dominguez-avocat\/99320\/FR\" target=\"_blank\" tabindex=\"-1\"><img decoding=\"async\" width=\"1440\" height=\"1394\" src=\"https:\/\/dominguez-avocat.com\/wp-content\/uploads\/2026\/03\/BestLawyers-26-e1774459996619.png\" class=\"attachment-full size-full wp-image-651\" alt=\"\" srcset=\"https:\/\/dominguez-avocat.com\/wp-content\/uploads\/2026\/03\/BestLawyers-26-e1774459996619.png 1440w, https:\/\/dominguez-avocat.com\/wp-content\/uploads\/2026\/03\/BestLawyers-26-e1774459996619-300x290.png 300w, https:\/\/dominguez-avocat.com\/wp-content\/uploads\/2026\/03\/BestLawyers-26-e1774459996619-1024x991.png 1024w, https:\/\/dominguez-avocat.com\/wp-content\/uploads\/2026\/03\/BestLawyers-26-e1774459996619-768x743.png 768w, https:\/\/dominguez-avocat.com\/wp-content\/uploads\/2026\/03\/BestLawyers-26-e1774459996619-12x12.png 12w\" sizes=\"(max-width: 1440px) 100vw, 1440px\" \/><\/a><\/figure><div class=\"elementor-image-box-content\"><p class=\"elementor-image-box-description\">S\u00e9bastien is selected by Best Lawyers (France) for his expertise in competition law.<\/p><\/div><\/div>\t\t\t\t<\/div>\n\t\t\t\t<\/div>\n\t\t\t\t\t<\/div>\n\t\t<\/div>\n\t\t\t\t\t<\/div>\n\t\t<\/section>\n\t\t\t\t<section class=\"elementor-section elementor-top-section elementor-element elementor-element-b0b4e15 elementor-section-boxed elementor-section-height-default elementor-section-height-default\" data-id=\"b0b4e15\" data-element_type=\"section\" data-e-type=\"section\">\n\t\t\t\t\t\t<div class=\"elementor-container elementor-column-gap-default\">\n\t\t\t\t\t<div class=\"elementor-column elementor-col-100 elementor-top-column elementor-element elementor-element-302b2a4c\" data-id=\"302b2a4c\" data-element_type=\"column\" data-e-type=\"column\">\n\t\t\t<div class=\"elementor-widget-wrap elementor-element-populated\">\n\t\t\t\t\t\t<div class=\"elementor-element elementor-element-3cbda75a elementor-widget elementor-widget-heading\" data-id=\"3cbda75a\" data-element_type=\"widget\" data-e-type=\"widget\" data-widget_type=\"heading.default\">\n\t\t\t\t<div class=\"elementor-widget-container\">\n\t\t\t\t\t<h2 class=\"elementor-heading-title elementor-size-default\">LEGAL 500<\/h2>\t\t\t\t<\/div>\n\t\t\t\t<\/div>\n\t\t\t\t<div class=\"elementor-element elementor-element-5f398d7a elementor-position-left elementor-vertical-align-middle animated-slow elementor-position-top elementor-invisible elementor-widget elementor-widget-image-box\" data-id=\"5f398d7a\" data-element_type=\"widget\" data-e-type=\"widget\" data-settings=\"{&quot;_animation&quot;:&quot;pulse&quot;}\" data-widget_type=\"image-box.default\">\n\t\t\t\t<div class=\"elementor-widget-container\">\n\t\t\t\t\t<div class=\"elementor-image-box-wrapper\"><figure class=\"elementor-image-box-img\"><a href=\"https:\/\/www.legal500.com\/rankings\/ranking\/c-france\/eu-competition-and-distribution\/238869-sebastien-dominguez-avocat-a-la-cour\" target=\"_blank\" tabindex=\"-1\"><img loading=\"lazy\" decoding=\"async\" width=\"234\" height=\"84\" src=\"https:\/\/dominguez-avocat.com\/wp-content\/uploads\/2026\/02\/Unknown-2.png\" class=\"attachment-full size-full wp-image-572\" alt=\"\" srcset=\"https:\/\/dominguez-avocat.com\/wp-content\/uploads\/2026\/02\/Unknown-2.png 234w, https:\/\/dominguez-avocat.com\/wp-content\/uploads\/2026\/02\/Unknown-2-18x6.png 18w\" sizes=\"(max-width: 234px) 100vw, 234px\" \/><\/a><\/figure><div class=\"elementor-image-box-content\"><p class=\"elementor-image-box-description\">S\u00e9bastien Dominguez Avocat \u00e0 la Cour has an excellent record of representing both defendants and plaintiffs in investigations in significant antitrust cases before the FCA and the French courts, in addition to handling merger control, follow-on damages claims and competition compliance issues. S\u00e9bastien Dominguez, who is experienced in the full range of competition matters, leads the practice.\n  <br><br><i>\n\"S\u00e9bastien Dominguez - competent, responsive, reliable and loyal.\"\n  <br><br>\n\u201cIt's a pleasure working with S\u00e9bastien Dominguez. He's very available, responsive, and attentive. S\u00e9bastien provides clear and pragmatic advice.\"<\/i><\/p><\/div><\/div>\t\t\t\t<\/div>\n\t\t\t\t<\/div>\n\t\t\t\t\t<\/div>\n\t\t<\/div>\n\t\t\t\t\t<\/div>\n\t\t<\/section>\n\t\t\t\t<section class=\"elementor-section elementor-top-section elementor-element elementor-element-2b0ddbda elementor-section-full_width elementor-section-height-default elementor-section-height-default\" data-id=\"2b0ddbda\" data-element_type=\"section\" data-e-type=\"section\" data-settings=\"{&quot;background_background&quot;:&quot;classic&quot;}\">\n\t\t\t\t\t\t<div class=\"elementor-container elementor-column-gap-default\">\n\t\t\t\t\t<div class=\"elementor-column elementor-col-100 elementor-top-column elementor-element elementor-element-32964ffc\" data-id=\"32964ffc\" data-element_type=\"column\" data-e-type=\"column\">\n\t\t\t<div class=\"elementor-widget-wrap elementor-element-populated\">\n\t\t\t\t\t\t<div class=\"elementor-element elementor-element-4e6f78c0 elementor-invisible elementor-widget elementor-widget-heading\" data-id=\"4e6f78c0\" data-element_type=\"widget\" data-e-type=\"widget\" data-settings=\"{&quot;_animation&quot;:&quot;fadeIn&quot;}\" data-widget_type=\"heading.default\">\n\t\t\t\t<div class=\"elementor-widget-container\">\n\t\t\t\t\t<h2 class=\"elementor-heading-title elementor-size-default\">Academic career<\/h2>\t\t\t\t<\/div>\n\t\t\t\t<\/div>\n\t\t\t\t<section class=\"elementor-section elementor-inner-section elementor-element elementor-element-15976870 elementor-section-boxed elementor-section-height-default elementor-section-height-default\" data-id=\"15976870\" data-element_type=\"section\" data-e-type=\"section\">\n\t\t\t\t\t\t<div class=\"elementor-container elementor-column-gap-default\">\n\t\t\t\t\t<div class=\"elementor-column elementor-col-33 elementor-inner-column elementor-element elementor-element-364a95fc\" data-id=\"364a95fc\" data-element_type=\"column\" data-e-type=\"column\">\n\t\t\t<div class=\"elementor-widget-wrap elementor-element-populated\">\n\t\t\t\t\t\t<div class=\"elementor-element elementor-element-710e90ee animated-slow elementor-position-top elementor-position-top elementor-invisible elementor-widget elementor-widget-image-box\" data-id=\"710e90ee\" data-element_type=\"widget\" data-e-type=\"widget\" data-settings=\"{&quot;_animation&quot;:&quot;slideInLeft&quot;}\" data-widget_type=\"image-box.default\">\n\t\t\t\t<div class=\"elementor-widget-container\">\n\t\t\t\t\t<div class=\"elementor-image-box-wrapper\"><figure class=\"elementor-image-box-img\"><img loading=\"lazy\" decoding=\"async\" width=\"1000\" height=\"572\" src=\"https:\/\/dominguez-avocat.com\/wp-content\/uploads\/2026\/03\/logo_36d3adae-7937-4c9e-ab7a-6b57e53cad32.png\" class=\"attachment-full size-full wp-image-620\" alt=\"\" srcset=\"https:\/\/dominguez-avocat.com\/wp-content\/uploads\/2026\/03\/logo_36d3adae-7937-4c9e-ab7a-6b57e53cad32.png 1000w, https:\/\/dominguez-avocat.com\/wp-content\/uploads\/2026\/03\/logo_36d3adae-7937-4c9e-ab7a-6b57e53cad32-300x172.png 300w, https:\/\/dominguez-avocat.com\/wp-content\/uploads\/2026\/03\/logo_36d3adae-7937-4c9e-ab7a-6b57e53cad32-768x439.png 768w, https:\/\/dominguez-avocat.com\/wp-content\/uploads\/2026\/03\/logo_36d3adae-7937-4c9e-ab7a-6b57e53cad32-18x10.png 18w\" sizes=\"(max-width: 1000px) 100vw, 1000px\" \/><\/figure><div class=\"elementor-image-box-content\"><p class=\"elementor-image-box-description\">Specialised Law Degree<br>in International Business Law<\/p><\/div><\/div>\t\t\t\t<\/div>\n\t\t\t\t<\/div>\n\t\t\t\t\t<\/div>\n\t\t<\/div>\n\t\t\t\t<div class=\"elementor-column elementor-col-33 elementor-inner-column elementor-element elementor-element-20c62cb7\" data-id=\"20c62cb7\" data-element_type=\"column\" data-e-type=\"column\">\n\t\t\t<div class=\"elementor-widget-wrap elementor-element-populated\">\n\t\t\t\t\t\t<div class=\"elementor-element elementor-element-6f8c785c animated-slow elementor-position-top elementor-position-top elementor-invisible elementor-widget elementor-widget-image-box\" data-id=\"6f8c785c\" data-element_type=\"widget\" data-e-type=\"widget\" data-settings=\"{&quot;_animation&quot;:&quot;slideInUp&quot;}\" data-widget_type=\"image-box.default\">\n\t\t\t\t<div class=\"elementor-widget-container\">\n\t\t\t\t\t<div class=\"elementor-image-box-wrapper\"><figure class=\"elementor-image-box-img\"><img loading=\"lazy\" decoding=\"async\" width=\"1200\" height=\"1152\" src=\"https:\/\/dominguez-avocat.com\/wp-content\/uploads\/2022\/06\/1200px-Cardiff_University_logo.svg_.png\" class=\"attachment-full size-full wp-image-104\" alt=\"\" srcset=\"https:\/\/dominguez-avocat.com\/wp-content\/uploads\/2022\/06\/1200px-Cardiff_University_logo.svg_.png 1200w, https:\/\/dominguez-avocat.com\/wp-content\/uploads\/2022\/06\/1200px-Cardiff_University_logo.svg_-300x288.png 300w, https:\/\/dominguez-avocat.com\/wp-content\/uploads\/2022\/06\/1200px-Cardiff_University_logo.svg_-1024x983.png 1024w, https:\/\/dominguez-avocat.com\/wp-content\/uploads\/2022\/06\/1200px-Cardiff_University_logo.svg_-768x737.png 768w\" sizes=\"(max-width: 1200px) 100vw, 1200px\" \/><\/figure><div class=\"elementor-image-box-content\"><p class=\"elementor-image-box-description\">Diploma in legal studies <\/p><\/div><\/div>\t\t\t\t<\/div>\n\t\t\t\t<\/div>\n\t\t\t\t\t<\/div>\n\t\t<\/div>\n\t\t\t\t<div class=\"elementor-column elementor-col-33 elementor-inner-column elementor-element elementor-element-3feff543\" data-id=\"3feff543\" data-element_type=\"column\" data-e-type=\"column\">\n\t\t\t<div class=\"elementor-widget-wrap elementor-element-populated\">\n\t\t\t\t\t\t<div class=\"elementor-element elementor-element-3b1cc33 animated-slow elementor-position-top elementor-position-top elementor-invisible elementor-widget elementor-widget-image-box\" data-id=\"3b1cc33\" data-element_type=\"widget\" data-e-type=\"widget\" data-settings=\"{&quot;_animation&quot;:&quot;slideInRight&quot;}\" data-widget_type=\"image-box.default\">\n\t\t\t\t<div class=\"elementor-widget-container\">\n\t\t\t\t\t<div class=\"elementor-image-box-wrapper\"><figure class=\"elementor-image-box-img\"><img loading=\"lazy\" decoding=\"async\" width=\"1754\" height=\"1843\" src=\"https:\/\/dominguez-avocat.com\/wp-content\/uploads\/2022\/06\/Logoupjv-bleu-e1655275638730.png\" class=\"attachment-full size-full wp-image-103\" alt=\"\" srcset=\"https:\/\/dominguez-avocat.com\/wp-content\/uploads\/2022\/06\/Logoupjv-bleu-e1655275638730.png 1754w, https:\/\/dominguez-avocat.com\/wp-content\/uploads\/2022\/06\/Logoupjv-bleu-e1655275638730-286x300.png 286w, https:\/\/dominguez-avocat.com\/wp-content\/uploads\/2022\/06\/Logoupjv-bleu-e1655275638730-975x1024.png 975w, https:\/\/dominguez-avocat.com\/wp-content\/uploads\/2022\/06\/Logoupjv-bleu-e1655275638730-768x807.png 768w, https:\/\/dominguez-avocat.com\/wp-content\/uploads\/2022\/06\/Logoupjv-bleu-e1655275638730-1462x1536.png 1462w\" sizes=\"(max-width: 1754px) 100vw, 1754px\" \/><\/figure><div class=\"elementor-image-box-content\"><p class=\"elementor-image-box-description\">Ma\u00eetrise en droit international<br>et droit europ\u00e9en<br>Master\u2019s degree in Private Law <\/p><\/div><\/div>\t\t\t\t<\/div>\n\t\t\t\t<\/div>\n\t\t\t\t\t<\/div>\n\t\t<\/div>\n\t\t\t\t\t<\/div>\n\t\t<\/section>\n\t\t\t\t\t<\/div>\n\t\t<\/div>\n\t\t\t\t\t<\/div>\n\t\t<\/section>\n\t\t\t\t<\/div>","protected":false},"excerpt":{"rendered":"<p>Pragmatisme Disponibilit\u00e9 R\u00e9activit\u00e9 Efficacit\u00e9 Avocat \u00e0 la Cour, S\u00e9bastien Dominguez est inscrit au Barreau de Paris depuis 2002. S\u00e9bastien Dominguez intervient principalement en droit de la concurrence, droit commercial et droit des contrats. S\u00e9bastien Dominguez Avant de cr\u00e9er son cabinet en 2022, S\u00e9bastien Dominguez a exerc\u00e9 pendant vingt ans en tant qu\u2019avocat au sein des [&hellip;]<\/p>\n","protected":false},"author":1,"featured_media":644,"parent":0,"menu_order":2,"comment_status":"closed","ping_status":"closed","template":"","meta":{"footnotes":""},"class_list":["post-14","page","type-page","status-publish","has-post-thumbnail","hentry"],"yoast_head":"<!-- This site is optimized with the Yoast SEO plugin v27.5 - https:\/\/yoast.com\/product\/yoast-seo-wordpress\/ -->\n<title>S\u00e9bastien Dominguez | Avocat \u00e0 la Cour \u2013 Droit de la concurrence \u2013 Droit commercial<\/title>\n<meta name=\"description\" content=\"Avocat \u00e0 la Cour, S\u00e9bastien Dominguez est inscrit au Barreau de Paris depuis 2002.S\u00e9bastien Dominguez intervient principalement en droit de la concurrence, droit commercial et droit des contrats.\" \/>\n<meta name=\"robots\" content=\"index, follow, max-snippet:-1, max-image-preview:large, max-video-preview:-1\" \/>\n<link rel=\"canonical\" href=\"https:\/\/dominguez-avocat.com\/en\/\" \/>\n<meta property=\"og:locale\" content=\"en_GB\" \/>\n<meta property=\"og:type\" content=\"article\" \/>\n<meta property=\"og:title\" content=\"S\u00e9bastien Dominguez | Avocat \u00e0 la Cour \u2013 Droit de la concurrence \u2013 Droit commercial\" \/>\n<meta property=\"og:description\" content=\"Avocat \u00e0 la Cour, S\u00e9bastien Dominguez est inscrit au Barreau de Paris depuis 2002.S\u00e9bastien Dominguez intervient principalement en droit de la concurrence, droit commercial et droit des contrats.\" \/>\n<meta property=\"og:url\" content=\"https:\/\/dominguez-avocat.com\/en\/\" \/>\n<meta property=\"og:site_name\" content=\"S\u00e9bastien Dominguez\" \/>\n<meta property=\"article:modified_time\" content=\"2026-03-25T17:34:52+00:00\" \/>\n<meta property=\"og:image\" content=\"https:\/\/dominguez-avocat.com\/wp-content\/uploads\/2026\/03\/Sans-titre-3-scaled.jpg\" \/>\n\t<meta property=\"og:image:width\" content=\"2048\" \/>\n\t<meta property=\"og:image:height\" content=\"2048\" \/>\n\t<meta property=\"og:image:type\" content=\"image\/jpeg\" \/>\n<meta name=\"twitter:card\" content=\"summary_large_image\" \/>\n<meta name=\"twitter:label1\" content=\"Estimated reading time\" \/>\n\t<meta name=\"twitter:data1\" content=\"4 minutes\" \/>\n<script type=\"application\/ld+json\" class=\"yoast-schema-graph\">{\"@context\":\"https:\\\/\\\/schema.org\",\"@graph\":[{\"@type\":\"WebPage\",\"@id\":\"https:\\\/\\\/dominguez-avocat.com\\\/\",\"url\":\"https:\\\/\\\/dominguez-avocat.com\\\/\",\"name\":\"S\u00e9bastien Dominguez | Avocat \u00e0 la Cour \u2013 Droit de la concurrence \u2013 Droit commercial\",\"isPartOf\":{\"@id\":\"https:\\\/\\\/dominguez-avocat.com\\\/#website\"},\"primaryImageOfPage\":{\"@id\":\"https:\\\/\\\/dominguez-avocat.com\\\/#primaryimage\"},\"image\":{\"@id\":\"https:\\\/\\\/dominguez-avocat.com\\\/#primaryimage\"},\"thumbnailUrl\":\"https:\\\/\\\/dominguez-avocat.com\\\/wp-content\\\/uploads\\\/2026\\\/03\\\/Sans-titre-3-scaled.jpg\",\"datePublished\":\"2022-05-02T14:01:08+00:00\",\"dateModified\":\"2026-03-25T17:34:52+00:00\",\"description\":\"Avocat \u00e0 la Cour, S\u00e9bastien Dominguez est inscrit au Barreau de Paris depuis 2002.S\u00e9bastien Dominguez intervient principalement en droit de la concurrence, droit commercial et droit des contrats.\",\"breadcrumb\":{\"@id\":\"https:\\\/\\\/dominguez-avocat.com\\\/#breadcrumb\"},\"inLanguage\":\"en-GB\",\"potentialAction\":[{\"@type\":\"ReadAction\",\"target\":[\"https:\\\/\\\/dominguez-avocat.com\\\/\"]}]},{\"@type\":\"ImageObject\",\"inLanguage\":\"en-GB\",\"@id\":\"https:\\\/\\\/dominguez-avocat.com\\\/#primaryimage\",\"url\":\"https:\\\/\\\/dominguez-avocat.com\\\/wp-content\\\/uploads\\\/2026\\\/03\\\/Sans-titre-3-scaled.jpg\",\"contentUrl\":\"https:\\\/\\\/dominguez-avocat.com\\\/wp-content\\\/uploads\\\/2026\\\/03\\\/Sans-titre-3-scaled.jpg\",\"width\":2048,\"height\":2048},{\"@type\":\"BreadcrumbList\",\"@id\":\"https:\\\/\\\/dominguez-avocat.com\\\/#breadcrumb\",\"itemListElement\":[{\"@type\":\"ListItem\",\"position\":1,\"name\":\"Accueil\",\"item\":\"https:\\\/\\\/dominguez-avocat.com\\\/\"},{\"@type\":\"ListItem\",\"position\":2,\"name\":\"Cabinet\"}]},{\"@type\":\"WebSite\",\"@id\":\"https:\\\/\\\/dominguez-avocat.com\\\/#website\",\"url\":\"https:\\\/\\\/dominguez-avocat.com\\\/\",\"name\":\"S\u00e9bastien Dominguez\",\"description\":\"Avocat \u00e0 la Cour \u2013 Droit de la concurrence \u2013 Droit commercial\",\"publisher\":{\"@id\":\"https:\\\/\\\/dominguez-avocat.com\\\/#organization\"},\"potentialAction\":[{\"@type\":\"SearchAction\",\"target\":{\"@type\":\"EntryPoint\",\"urlTemplate\":\"https:\\\/\\\/dominguez-avocat.com\\\/?s={search_term_string}\"},\"query-input\":{\"@type\":\"PropertyValueSpecification\",\"valueRequired\":true,\"valueName\":\"search_term_string\"}}],\"inLanguage\":\"en-GB\"},{\"@type\":\"Organization\",\"@id\":\"https:\\\/\\\/dominguez-avocat.com\\\/#organization\",\"name\":\"S\u00e9bastien Dominguez Avocat\",\"url\":\"https:\\\/\\\/dominguez-avocat.com\\\/\",\"logo\":{\"@type\":\"ImageObject\",\"inLanguage\":\"en-GB\",\"@id\":\"https:\\\/\\\/dominguez-avocat.com\\\/#\\\/schema\\\/logo\\\/image\\\/\",\"url\":\"https:\\\/\\\/dominguez-avocat.com\\\/wp-content\\\/uploads\\\/2022\\\/06\\\/logotype-sebastien-dominguez-mai-2022-1.png\",\"contentUrl\":\"https:\\\/\\\/dominguez-avocat.com\\\/wp-content\\\/uploads\\\/2022\\\/06\\\/logotype-sebastien-dominguez-mai-2022-1.png\",\"width\":2048,\"height\":795,\"caption\":\"S\u00e9bastien Dominguez Avocat\"},\"image\":{\"@id\":\"https:\\\/\\\/dominguez-avocat.com\\\/#\\\/schema\\\/logo\\\/image\\\/\"},\"sameAs\":[\"https:\\\/\\\/www.linkedin.com\\\/in\\\/sebastien-dominguez-4573681\\\/\"]}]}<\/script>\n<!-- \/ Yoast SEO plugin. -->","yoast_head_json":{"title":"S\u00e9bastien Dominguez | Avocat \u00e0 la Cour \u2013 Droit de la concurrence \u2013 Droit commercial","description":"Avocat \u00e0 la Cour, S\u00e9bastien Dominguez est inscrit au Barreau de Paris depuis 2002.S\u00e9bastien Dominguez intervient principalement en droit de la concurrence, droit commercial et droit des contrats.","robots":{"index":"index","follow":"follow","max-snippet":"max-snippet:-1","max-image-preview":"max-image-preview:large","max-video-preview":"max-video-preview:-1"},"canonical":"https:\/\/dominguez-avocat.com\/en\/","og_locale":"en_GB","og_type":"article","og_title":"S\u00e9bastien Dominguez | Avocat \u00e0 la Cour \u2013 Droit de la concurrence \u2013 Droit commercial","og_description":"Avocat \u00e0 la Cour, S\u00e9bastien Dominguez est inscrit au Barreau de Paris depuis 2002.S\u00e9bastien Dominguez intervient principalement en droit de la concurrence, droit commercial et droit des contrats.","og_url":"https:\/\/dominguez-avocat.com\/en\/","og_site_name":"S\u00e9bastien Dominguez","article_modified_time":"2026-03-25T17:34:52+00:00","og_image":[{"width":2048,"height":2048,"url":"https:\/\/dominguez-avocat.com\/wp-content\/uploads\/2026\/03\/Sans-titre-3-scaled.jpg","type":"image\/jpeg"}],"twitter_card":"summary_large_image","twitter_misc":{"Estimated reading time":"4 minutes"},"schema":{"@context":"https:\/\/schema.org","@graph":[{"@type":"WebPage","@id":"https:\/\/dominguez-avocat.com\/","url":"https:\/\/dominguez-avocat.com\/","name":"S\u00e9bastien Dominguez | Avocat \u00e0 la Cour \u2013 Droit de la concurrence \u2013 Droit commercial","isPartOf":{"@id":"https:\/\/dominguez-avocat.com\/#website"},"primaryImageOfPage":{"@id":"https:\/\/dominguez-avocat.com\/#primaryimage"},"image":{"@id":"https:\/\/dominguez-avocat.com\/#primaryimage"},"thumbnailUrl":"https:\/\/dominguez-avocat.com\/wp-content\/uploads\/2026\/03\/Sans-titre-3-scaled.jpg","datePublished":"2022-05-02T14:01:08+00:00","dateModified":"2026-03-25T17:34:52+00:00","description":"Avocat \u00e0 la Cour, S\u00e9bastien Dominguez est inscrit au Barreau de Paris depuis 2002.S\u00e9bastien Dominguez intervient principalement en droit de la concurrence, droit commercial et droit des contrats.","breadcrumb":{"@id":"https:\/\/dominguez-avocat.com\/#breadcrumb"},"inLanguage":"en-GB","potentialAction":[{"@type":"ReadAction","target":["https:\/\/dominguez-avocat.com\/"]}]},{"@type":"ImageObject","inLanguage":"en-GB","@id":"https:\/\/dominguez-avocat.com\/#primaryimage","url":"https:\/\/dominguez-avocat.com\/wp-content\/uploads\/2026\/03\/Sans-titre-3-scaled.jpg","contentUrl":"https:\/\/dominguez-avocat.com\/wp-content\/uploads\/2026\/03\/Sans-titre-3-scaled.jpg","width":2048,"height":2048},{"@type":"BreadcrumbList","@id":"https:\/\/dominguez-avocat.com\/#breadcrumb","itemListElement":[{"@type":"ListItem","position":1,"name":"Accueil","item":"https:\/\/dominguez-avocat.com\/"},{"@type":"ListItem","position":2,"name":"Cabinet"}]},{"@type":"WebSite","@id":"https:\/\/dominguez-avocat.com\/#website","url":"https:\/\/dominguez-avocat.com\/","name":"S\u00e9bastien Dominguez","description":"Avocat \u00e0 la Cour \u2013 Droit de la concurrence \u2013 Droit commercial","publisher":{"@id":"https:\/\/dominguez-avocat.com\/#organization"},"potentialAction":[{"@type":"SearchAction","target":{"@type":"EntryPoint","urlTemplate":"https:\/\/dominguez-avocat.com\/?s={search_term_string}"},"query-input":{"@type":"PropertyValueSpecification","valueRequired":true,"valueName":"search_term_string"}}],"inLanguage":"en-GB"},{"@type":"Organization","@id":"https:\/\/dominguez-avocat.com\/#organization","name":"S\u00e9bastien Dominguez Avocat","url":"https:\/\/dominguez-avocat.com\/","logo":{"@type":"ImageObject","inLanguage":"en-GB","@id":"https:\/\/dominguez-avocat.com\/#\/schema\/logo\/image\/","url":"https:\/\/dominguez-avocat.com\/wp-content\/uploads\/2022\/06\/logotype-sebastien-dominguez-mai-2022-1.png","contentUrl":"https:\/\/dominguez-avocat.com\/wp-content\/uploads\/2022\/06\/logotype-sebastien-dominguez-mai-2022-1.png","width":2048,"height":795,"caption":"S\u00e9bastien Dominguez Avocat"},"image":{"@id":"https:\/\/dominguez-avocat.com\/#\/schema\/logo\/image\/"},"sameAs":["https:\/\/www.linkedin.com\/in\/sebastien-dominguez-4573681\/"]}]}},"_links":{"self":[{"href":"https:\/\/dominguez-avocat.com\/en\/wp-json\/wp\/v2\/pages\/14","targetHints":{"allow":["GET"]}}],"collection":[{"href":"https:\/\/dominguez-avocat.com\/en\/wp-json\/wp\/v2\/pages"}],"about":[{"href":"https:\/\/dominguez-avocat.com\/en\/wp-json\/wp\/v2\/types\/page"}],"author":[{"embeddable":true,"href":"https:\/\/dominguez-avocat.com\/en\/wp-json\/wp\/v2\/users\/1"}],"replies":[{"embeddable":true,"href":"https:\/\/dominguez-avocat.com\/en\/wp-json\/wp\/v2\/comments?post=14"}],"version-history":[{"count":177,"href":"https:\/\/dominguez-avocat.com\/en\/wp-json\/wp\/v2\/pages\/14\/revisions"}],"predecessor-version":[{"id":657,"href":"https:\/\/dominguez-avocat.com\/en\/wp-json\/wp\/v2\/pages\/14\/revisions\/657"}],"wp:featuredmedia":[{"embeddable":true,"href":"https:\/\/dominguez-avocat.com\/en\/wp-json\/wp\/v2\/media\/644"}],"wp:attachment":[{"href":"https:\/\/dominguez-avocat.com\/en\/wp-json\/wp\/v2\/media?parent=14"}],"curies":[{"name":"wp","href":"https:\/\/api.w.org\/{rel}","templated":true}]}}