{"id":21,"date":"2022-05-02T16:02:10","date_gmt":"2022-05-02T14:02:10","guid":{"rendered":"http:\/\/dominguez-avocat.com\/?page_id=21"},"modified":"2026-03-24T17:54:31","modified_gmt":"2026-03-24T16:54:31","slug":"mentions-legales","status":"publish","type":"page","link":"https:\/\/dominguez-avocat.com\/en\/contact\/mentions-legales\/","title":{"rendered":"Legal notice"},"content":{"rendered":"<div data-elementor-type=\"wp-page\" data-elementor-id=\"21\" class=\"elementor elementor-21\" data-elementor-post-type=\"page\">\n\t\t\t\t\t\t<section class=\"elementor-section elementor-top-section elementor-element elementor-element-1ea3030 elementor-section-boxed elementor-section-height-default elementor-section-height-default\" data-id=\"1ea3030\" data-element_type=\"section\" data-e-type=\"section\">\n\t\t\t\t\t\t<div class=\"elementor-container elementor-column-gap-default\">\n\t\t\t\t\t<div class=\"elementor-column elementor-col-100 elementor-top-column elementor-element elementor-element-f45efdf\" data-id=\"f45efdf\" data-element_type=\"column\" data-e-type=\"column\">\n\t\t\t<div class=\"elementor-widget-wrap elementor-element-populated\">\n\t\t\t\t\t\t<div class=\"elementor-element elementor-element-573d8f7 elementor-widget elementor-widget-heading\" data-id=\"573d8f7\" data-element_type=\"widget\" data-e-type=\"widget\" data-widget_type=\"heading.default\">\n\t\t\t\t<div class=\"elementor-widget-container\">\n\t\t\t\t\t<h2 class=\"elementor-heading-title elementor-size-default\">Legal notice<\/h2>\t\t\t\t<\/div>\n\t\t\t\t<\/div>\n\t\t\t\t<div class=\"elementor-element elementor-element-893953e elementor-widget elementor-widget-text-editor\" data-id=\"893953e\" data-element_type=\"widget\" data-e-type=\"widget\" data-widget_type=\"text-editor.default\">\n\t\t\t\t<div class=\"elementor-widget-container\">\n\t\t\t\t\t\t\t\t\t<p style=\"font-weight: 400;\"><strong>Identification of the Website (URL):<\/strong> <a href=\"https:\/\/dominguez-avocat.com\/en\/\">www.dominguez-avocat.com<\/a><\/p><p style=\"font-weight: 400;\"><strong>Director of Publication \u2013 Publisher :<\/strong>\u00a0<span style=\"caret-color: #000000; font-family: Calibri, sans-serif; font-size: 14.6667px; text-align: left;\">SELARL S\u00e9bastien Dominguez\u00a0<\/span>, head office at 38 rue Jean Mermoz, 75008 Paris, France, RCS Paris 980 166 391, <a href=\"mailto:sd@dominguez-avocat.com\">sd@dominguez-avocat.com<\/a>\u00a0(\"the Publisher\").<\/p><p style=\"font-weight: 400;\"><strong>Designer \u2013 Director:<\/strong> Agence Creativo, SARL to the capital of 1.000 euros, head office at 40 rue Fran\u00e7aise, 34500 B\u00e9ziers, France, RCS B\u00e9ziers 535 <a href=\"mailto:contact@agencecreativo.com\">contact@agencecreativo.com<\/a>\u00a0(director \").<\/p><p style=\"font-weight: 400;\"><strong>Hosting provider:<\/strong> OVH, SAS to the capital of 10.174.560 euros, head office at 2 rue Kellermann, 59100 Roubaix, France, RCS Lille M\u00e9tropole<\/p>\t\t\t\t\t\t\t\t<\/div>\n\t\t\t\t<\/div>\n\t\t\t\t<div class=\"elementor-element elementor-element-997024c elementor-widget elementor-widget-heading\" data-id=\"997024c\" data-element_type=\"widget\" data-e-type=\"widget\" data-widget_type=\"heading.default\">\n\t\t\t\t<div class=\"elementor-widget-container\">\n\t\t\t\t\t<h2 class=\"elementor-heading-title elementor-size-default\">Conditions of use<\/h2>\t\t\t\t<\/div>\n\t\t\t\t<\/div>\n\t\t\t\t<div class=\"elementor-element elementor-element-f2bc858 elementor-widget elementor-widget-text-editor\" data-id=\"f2bc858\" data-element_type=\"widget\" data-e-type=\"widget\" data-widget_type=\"text-editor.default\">\n\t\t\t\t<div class=\"elementor-widget-container\">\n\t\t\t\t\t\t\t\t\t<p style=\"font-weight: 400;\"><strong>Property :<\/strong> the website accessible at the URL address <a href=\"https:\/\/dominguez-avocat.com\/en\/\">www.dominguez-avocat.com<\/a>\u00a0(the \"Site\"), in its entirety and for each element composing it (including all texts, photographs, animated or non-animated images, logos, graphics, applications <em>etc<\/em>.), constitutes a protected work that is the exclusive property of the Publisher.<\/p><p style=\"font-weight: 400;\">Any unauthorized exploitation, including any use, reproduction, representation, publication, distribution, transmission or extraction, in any form whatsoever, of all or part of the Site, of any element making up the Site or of any information contained in the Site is strictly prohibited and likely to lead to legal proceedings, in particular under an action for infringement.<\/p><p style=\"font-weight: 400;\"><strong>Hyperlinks :<\/strong> the Director and the Publisher decline all responsibility for any information made accessible from the Site via any hypertext link, said information not being under their control.<\/p><p style=\"font-weight: 400;\">The establishment of any hypertext links to all or part of the Site is strictly prohibited, except with the express, prior and written authorization of the Publisher, it being specified that the Publisher is free to refuse such authorization without having to justify in any way let it be his decision. In the event that the Publisher grants its authorization, this is in any case only temporary and may be withdrawn at any time by the Publisher, without obligation of justification, it being specified that any link to the Site must be withdrawn immediately at the first request of the Publisher.<\/p>\t\t\t\t\t\t\t\t<\/div>\n\t\t\t\t<\/div>\n\t\t\t\t\t<\/div>\n\t\t<\/div>\n\t\t\t\t\t<\/div>\n\t\t<\/section>\n\t\t\t\t<\/div>","protected":false},"excerpt":{"rendered":"<p>Mentions l\u00e9gales Identification du Site\u00a0Internet (URL)\u00a0: www.dominguez-avocat.com Directeur de la publication \u2013 \u00e9diteur\u00a0:\u00a0SELARL S\u00e9bastien Dominguez\u00a0, si\u00e8ge social au 38 rue Jean Mermoz, 75008 Paris, France, RCS Paris 980\u00a0166\u00a0391, sd@dominguez-avocat.com\u00a0(\u00ab\u00a0l\u2019Editeur\u00a0\u00bb). Concepteur \u2013 r\u00e9alisateur\u00a0: Agence Creativo, SARL au capital de 1.000 euros, si\u00e8ge social au 40 rue Fran\u00e7aise, 34500 B\u00e9ziers, France, RCS B\u00e9ziers 535 048\u00a0508, contact@agencecreativo.com\u00a0(le \u00ab\u00a0R\u00e9alisateur\u00a0\u00bb). [&hellip;]<\/p>\n","protected":false},"author":1,"featured_media":264,"parent":19,"menu_order":1,"comment_status":"closed","ping_status":"closed","template":"","meta":{"footnotes":""},"class_list":["post-21","page","type-page","status-publish","has-post-thumbnail","hentry"],"yoast_head":"<!-- This site is optimized with the Yoast SEO plugin v27.5 - https:\/\/yoast.com\/product\/yoast-seo-wordpress\/ -->\n<title>S\u00e9bastien Dominguez | Mentions l\u00e9gales<\/title>\n<meta name=\"robots\" content=\"index, follow, max-snippet:-1, max-image-preview:large, max-video-preview:-1\" \/>\n<link rel=\"canonical\" href=\"https:\/\/dominguez-avocat.com\/en\/contact\/mentions-legales\/\" \/>\n<meta property=\"og:locale\" content=\"en_GB\" \/>\n<meta property=\"og:type\" content=\"article\" \/>\n<meta property=\"og:title\" content=\"S\u00e9bastien Dominguez | Mentions l\u00e9gales\" \/>\n<meta property=\"og:description\" content=\"Mentions l\u00e9gales Identification du Site\u00a0Internet (URL)\u00a0: www.dominguez-avocat.com Directeur de la publication \u2013 \u00e9diteur\u00a0:\u00a0SELARL S\u00e9bastien Dominguez\u00a0, si\u00e8ge social au 38 rue Jean Mermoz, 75008 Paris, France, RCS Paris 980\u00a0166\u00a0391, sd@dominguez-avocat.com\u00a0(\u00ab\u00a0l\u2019Editeur\u00a0\u00bb). Concepteur \u2013 r\u00e9alisateur\u00a0: Agence Creativo, SARL au capital de 1.000 euros, si\u00e8ge social au 40 rue Fran\u00e7aise, 34500 B\u00e9ziers, France, RCS B\u00e9ziers 535 048\u00a0508, contact@agencecreativo.com\u00a0(le \u00ab\u00a0R\u00e9alisateur\u00a0\u00bb). [&hellip;]\" \/>\n<meta property=\"og:url\" content=\"https:\/\/dominguez-avocat.com\/en\/contact\/mentions-legales\/\" \/>\n<meta property=\"og:site_name\" content=\"S\u00e9bastien Dominguez\" \/>\n<meta property=\"article:modified_time\" content=\"2026-03-24T16:54:31+00:00\" \/>\n<meta property=\"og:image\" content=\"https:\/\/dominguez-avocat.com\/wp-content\/uploads\/2022\/06\/cropped-sd-claire_Plan-de-travail-1.png\" \/>\n\t<meta property=\"og:image:width\" content=\"512\" \/>\n\t<meta property=\"og:image:height\" content=\"512\" \/>\n\t<meta property=\"og:image:type\" content=\"image\/png\" \/>\n<meta name=\"twitter:card\" content=\"summary_large_image\" \/>\n<meta name=\"twitter:label1\" content=\"Estimated reading time\" \/>\n\t<meta name=\"twitter:data1\" content=\"2 minutes\" \/>\n<script type=\"application\/ld+json\" class=\"yoast-schema-graph\">{\"@context\":\"https:\\\/\\\/schema.org\",\"@graph\":[{\"@type\":\"WebPage\",\"@id\":\"https:\\\/\\\/dominguez-avocat.com\\\/contact\\\/mentions-legales\\\/\",\"url\":\"https:\\\/\\\/dominguez-avocat.com\\\/contact\\\/mentions-legales\\\/\",\"name\":\"S\u00e9bastien Dominguez | Mentions l\u00e9gales\",\"isPartOf\":{\"@id\":\"https:\\\/\\\/dominguez-avocat.com\\\/#website\"},\"primaryImageOfPage\":{\"@id\":\"https:\\\/\\\/dominguez-avocat.com\\\/contact\\\/mentions-legales\\\/#primaryimage\"},\"image\":{\"@id\":\"https:\\\/\\\/dominguez-avocat.com\\\/contact\\\/mentions-legales\\\/#primaryimage\"},\"thumbnailUrl\":\"https:\\\/\\\/dominguez-avocat.com\\\/wp-content\\\/uploads\\\/2022\\\/06\\\/cropped-sd-claire_Plan-de-travail-1.png\",\"datePublished\":\"2022-05-02T14:02:10+00:00\",\"dateModified\":\"2026-03-24T16:54:31+00:00\",\"breadcrumb\":{\"@id\":\"https:\\\/\\\/dominguez-avocat.com\\\/contact\\\/mentions-legales\\\/#breadcrumb\"},\"inLanguage\":\"en-GB\",\"potentialAction\":[{\"@type\":\"ReadAction\",\"target\":[\"https:\\\/\\\/dominguez-avocat.com\\\/contact\\\/mentions-legales\\\/\"]}]},{\"@type\":\"ImageObject\",\"inLanguage\":\"en-GB\",\"@id\":\"https:\\\/\\\/dominguez-avocat.com\\\/contact\\\/mentions-legales\\\/#primaryimage\",\"url\":\"https:\\\/\\\/dominguez-avocat.com\\\/wp-content\\\/uploads\\\/2022\\\/06\\\/cropped-sd-claire_Plan-de-travail-1.png\",\"contentUrl\":\"https:\\\/\\\/dominguez-avocat.com\\\/wp-content\\\/uploads\\\/2022\\\/06\\\/cropped-sd-claire_Plan-de-travail-1.png\",\"width\":512,\"height\":512},{\"@type\":\"BreadcrumbList\",\"@id\":\"https:\\\/\\\/dominguez-avocat.com\\\/contact\\\/mentions-legales\\\/#breadcrumb\",\"itemListElement\":[{\"@type\":\"ListItem\",\"position\":1,\"name\":\"Accueil\",\"item\":\"https:\\\/\\\/dominguez-avocat.com\\\/\"},{\"@type\":\"ListItem\",\"position\":2,\"name\":\"Contact\",\"item\":\"https:\\\/\\\/dominguez-avocat.com\\\/contact\\\/\"},{\"@type\":\"ListItem\",\"position\":3,\"name\":\"Mentions l\u00e9gales\"}]},{\"@type\":\"WebSite\",\"@id\":\"https:\\\/\\\/dominguez-avocat.com\\\/#website\",\"url\":\"https:\\\/\\\/dominguez-avocat.com\\\/\",\"name\":\"S\u00e9bastien Dominguez\",\"description\":\"Avocat \u00e0 la Cour \u2013 Droit de la concurrence \u2013 Droit commercial\",\"publisher\":{\"@id\":\"https:\\\/\\\/dominguez-avocat.com\\\/#organization\"},\"potentialAction\":[{\"@type\":\"SearchAction\",\"target\":{\"@type\":\"EntryPoint\",\"urlTemplate\":\"https:\\\/\\\/dominguez-avocat.com\\\/?s={search_term_string}\"},\"query-input\":{\"@type\":\"PropertyValueSpecification\",\"valueRequired\":true,\"valueName\":\"search_term_string\"}}],\"inLanguage\":\"en-GB\"},{\"@type\":\"Organization\",\"@id\":\"https:\\\/\\\/dominguez-avocat.com\\\/#organization\",\"name\":\"S\u00e9bastien Dominguez Avocat\",\"url\":\"https:\\\/\\\/dominguez-avocat.com\\\/\",\"logo\":{\"@type\":\"ImageObject\",\"inLanguage\":\"en-GB\",\"@id\":\"https:\\\/\\\/dominguez-avocat.com\\\/#\\\/schema\\\/logo\\\/image\\\/\",\"url\":\"https:\\\/\\\/dominguez-avocat.com\\\/wp-content\\\/uploads\\\/2022\\\/06\\\/logotype-sebastien-dominguez-mai-2022-1.png\",\"contentUrl\":\"https:\\\/\\\/dominguez-avocat.com\\\/wp-content\\\/uploads\\\/2022\\\/06\\\/logotype-sebastien-dominguez-mai-2022-1.png\",\"width\":2048,\"height\":795,\"caption\":\"S\u00e9bastien Dominguez Avocat\"},\"image\":{\"@id\":\"https:\\\/\\\/dominguez-avocat.com\\\/#\\\/schema\\\/logo\\\/image\\\/\"},\"sameAs\":[\"https:\\\/\\\/www.linkedin.com\\\/in\\\/sebastien-dominguez-4573681\\\/\"]}]}<\/script>\n<!-- \/ Yoast SEO plugin. -->","yoast_head_json":{"title":"S\u00e9bastien Dominguez | Mentions l\u00e9gales","robots":{"index":"index","follow":"follow","max-snippet":"max-snippet:-1","max-image-preview":"max-image-preview:large","max-video-preview":"max-video-preview:-1"},"canonical":"https:\/\/dominguez-avocat.com\/en\/contact\/mentions-legales\/","og_locale":"en_GB","og_type":"article","og_title":"S\u00e9bastien Dominguez | Mentions l\u00e9gales","og_description":"Mentions l\u00e9gales Identification du Site\u00a0Internet (URL)\u00a0: www.dominguez-avocat.com Directeur de la publication \u2013 \u00e9diteur\u00a0:\u00a0SELARL S\u00e9bastien Dominguez\u00a0, si\u00e8ge social au 38 rue Jean Mermoz, 75008 Paris, France, RCS Paris 980\u00a0166\u00a0391, sd@dominguez-avocat.com\u00a0(\u00ab\u00a0l\u2019Editeur\u00a0\u00bb). Concepteur \u2013 r\u00e9alisateur\u00a0: Agence Creativo, SARL au capital de 1.000 euros, si\u00e8ge social au 40 rue Fran\u00e7aise, 34500 B\u00e9ziers, France, RCS B\u00e9ziers 535 048\u00a0508, contact@agencecreativo.com\u00a0(le \u00ab\u00a0R\u00e9alisateur\u00a0\u00bb). [&hellip;]","og_url":"https:\/\/dominguez-avocat.com\/en\/contact\/mentions-legales\/","og_site_name":"S\u00e9bastien Dominguez","article_modified_time":"2026-03-24T16:54:31+00:00","og_image":[{"width":512,"height":512,"url":"https:\/\/dominguez-avocat.com\/wp-content\/uploads\/2022\/06\/cropped-sd-claire_Plan-de-travail-1.png","type":"image\/png"}],"twitter_card":"summary_large_image","twitter_misc":{"Estimated reading time":"2 minutes"},"schema":{"@context":"https:\/\/schema.org","@graph":[{"@type":"WebPage","@id":"https:\/\/dominguez-avocat.com\/contact\/mentions-legales\/","url":"https:\/\/dominguez-avocat.com\/contact\/mentions-legales\/","name":"S\u00e9bastien Dominguez | Mentions l\u00e9gales","isPartOf":{"@id":"https:\/\/dominguez-avocat.com\/#website"},"primaryImageOfPage":{"@id":"https:\/\/dominguez-avocat.com\/contact\/mentions-legales\/#primaryimage"},"image":{"@id":"https:\/\/dominguez-avocat.com\/contact\/mentions-legales\/#primaryimage"},"thumbnailUrl":"https:\/\/dominguez-avocat.com\/wp-content\/uploads\/2022\/06\/cropped-sd-claire_Plan-de-travail-1.png","datePublished":"2022-05-02T14:02:10+00:00","dateModified":"2026-03-24T16:54:31+00:00","breadcrumb":{"@id":"https:\/\/dominguez-avocat.com\/contact\/mentions-legales\/#breadcrumb"},"inLanguage":"en-GB","potentialAction":[{"@type":"ReadAction","target":["https:\/\/dominguez-avocat.com\/contact\/mentions-legales\/"]}]},{"@type":"ImageObject","inLanguage":"en-GB","@id":"https:\/\/dominguez-avocat.com\/contact\/mentions-legales\/#primaryimage","url":"https:\/\/dominguez-avocat.com\/wp-content\/uploads\/2022\/06\/cropped-sd-claire_Plan-de-travail-1.png","contentUrl":"https:\/\/dominguez-avocat.com\/wp-content\/uploads\/2022\/06\/cropped-sd-claire_Plan-de-travail-1.png","width":512,"height":512},{"@type":"BreadcrumbList","@id":"https:\/\/dominguez-avocat.com\/contact\/mentions-legales\/#breadcrumb","itemListElement":[{"@type":"ListItem","position":1,"name":"Accueil","item":"https:\/\/dominguez-avocat.com\/"},{"@type":"ListItem","position":2,"name":"Contact","item":"https:\/\/dominguez-avocat.com\/contact\/"},{"@type":"ListItem","position":3,"name":"Mentions l\u00e9gales"}]},{"@type":"WebSite","@id":"https:\/\/dominguez-avocat.com\/#website","url":"https:\/\/dominguez-avocat.com\/","name":"S\u00e9bastien Dominguez","description":"Avocat \u00e0 la Cour \u2013 Droit de la concurrence \u2013 Droit commercial","publisher":{"@id":"https:\/\/dominguez-avocat.com\/#organization"},"potentialAction":[{"@type":"SearchAction","target":{"@type":"EntryPoint","urlTemplate":"https:\/\/dominguez-avocat.com\/?s={search_term_string}"},"query-input":{"@type":"PropertyValueSpecification","valueRequired":true,"valueName":"search_term_string"}}],"inLanguage":"en-GB"},{"@type":"Organization","@id":"https:\/\/dominguez-avocat.com\/#organization","name":"S\u00e9bastien Dominguez Avocat","url":"https:\/\/dominguez-avocat.com\/","logo":{"@type":"ImageObject","inLanguage":"en-GB","@id":"https:\/\/dominguez-avocat.com\/#\/schema\/logo\/image\/","url":"https:\/\/dominguez-avocat.com\/wp-content\/uploads\/2022\/06\/logotype-sebastien-dominguez-mai-2022-1.png","contentUrl":"https:\/\/dominguez-avocat.com\/wp-content\/uploads\/2022\/06\/logotype-sebastien-dominguez-mai-2022-1.png","width":2048,"height":795,"caption":"S\u00e9bastien Dominguez Avocat"},"image":{"@id":"https:\/\/dominguez-avocat.com\/#\/schema\/logo\/image\/"},"sameAs":["https:\/\/www.linkedin.com\/in\/sebastien-dominguez-4573681\/"]}]}},"_links":{"self":[{"href":"https:\/\/dominguez-avocat.com\/en\/wp-json\/wp\/v2\/pages\/21","targetHints":{"allow":["GET"]}}],"collection":[{"href":"https:\/\/dominguez-avocat.com\/en\/wp-json\/wp\/v2\/pages"}],"about":[{"href":"https:\/\/dominguez-avocat.com\/en\/wp-json\/wp\/v2\/types\/page"}],"author":[{"embeddable":true,"href":"https:\/\/dominguez-avocat.com\/en\/wp-json\/wp\/v2\/users\/1"}],"replies":[{"embeddable":true,"href":"https:\/\/dominguez-avocat.com\/en\/wp-json\/wp\/v2\/comments?post=21"}],"version-history":[{"count":44,"href":"https:\/\/dominguez-avocat.com\/en\/wp-json\/wp\/v2\/pages\/21\/revisions"}],"predecessor-version":[{"id":640,"href":"https:\/\/dominguez-avocat.com\/en\/wp-json\/wp\/v2\/pages\/21\/revisions\/640"}],"up":[{"embeddable":true,"href":"https:\/\/dominguez-avocat.com\/en\/wp-json\/wp\/v2\/pages\/19"}],"wp:featuredmedia":[{"embeddable":true,"href":"https:\/\/dominguez-avocat.com\/en\/wp-json\/wp\/v2\/media\/264"}],"wp:attachment":[{"href":"https:\/\/dominguez-avocat.com\/en\/wp-json\/wp\/v2\/media?parent=21"}],"curies":[{"name":"wp","href":"https:\/\/api.w.org\/{rel}","templated":true}]}}